{"id":7534,"date":"2025-07-14T09:02:18","date_gmt":"2025-07-14T08:02:18","guid":{"rendered":"https:\/\/churchtools.academy\/?post_type=docs&#038;p=7534"},"modified":"2025-11-25T12:52:24","modified_gmt":"2025-11-25T11:52:24","password":"","slug":"17-wie-abonniere-ich-einen-kalender","status":"publish","type":"docs","link":"https:\/\/churchtools.academy\/de\/help\/churchtools-module\/abonnements-erinnerungen\/17-wie-abonniere-ich-einen-kalender\/","title":{"rendered":"Wie abonniere ich einen Kalender?"},"content":{"rendered":"\n<p>Kalender k\u00f6nnen per iCal abonniert werden.<\/p>\n\n\n\n<h2 class=\"wp-block-heading\">1. Voraussetzung<\/h2>\n\n\n\n<p>Damit iCal funktioniert muss der Administrator deines ChurchTools dem Nicht-angemeldeten Benutzer die Berechtigung &#8222;Kalender sehen&#8220; geben. Funktioniert der iCal-Link bei dir nicht, melde dich bitte bei deinem Administrator.<\/p>\n\n\n\n<h2 class=\"wp-block-heading\">2. iCal-Link\/Datei anzeigen<\/h2>\n\n\n\n<p>\u00d6ffne das <em><strong>Drei-Punkt-Men\u00fc<\/strong><\/em> (1) des Kalenders, welchen du synchronisieren m\u00f6chtest, und w\u00e4hle <em><strong>Abonnieren<\/strong><\/em> (2) aus.<\/p>\n\n\n\n<figure class=\"wp-block-image\"><img fetchpriority=\"high\" decoding=\"async\" width=\"540\" height=\"445\" src=\"https:\/\/churchtools.academy\/wp-content\/uploads\/2024\/06\/image-13.png\" alt=\"\" class=\"wp-image-8199\" srcset=\"https:\/\/churchtools.academy\/wp-content\/uploads\/2024\/06\/image-13.png 540w, https:\/\/churchtools.academy\/wp-content\/uploads\/2024\/06\/image-13-300x247.png 300w, https:\/\/churchtools.academy\/wp-content\/uploads\/2024\/06\/image-13-360x297.png 360w\" sizes=\"(max-width: 540px) 100vw, 540px\" \/><\/figure>\n\n\n\n<h2 class=\"wp-block-heading\">3. iCal-Link\/Datei abrufen<\/h2>\n\n\n\n<p>Lade die <em><strong>iCal-Datei<\/strong><\/em> (2) herunter oder kopiere den <em><strong>iCal-Link<\/strong><\/em> (3) um diesen im Kalenderprogramm deiner Wahl einzuf\u00fcgen. Mit Klick auf <em><strong>Kalender abonnieren<\/strong><\/em> (1) wird der webcal-Link automatisch in der Standardanwendung f\u00fcr Kalender auf deinem Ger\u00e4t eingef\u00fcgt. &nbsp;<\/p>\n\n\n\n<aside class=\"wp-block-group ct-box ct-box-blue has-background is-vertical is-layout-flex wp-container-core-group-is-layout-002f1c27 wp-block-group-is-layout-flex\" style=\"border-radius:8px;border-left-color:#3e70ce;border-left-width:0.5rem;background-color:#f3f5f7;margin-top:var(--wp--preset--spacing--60);margin-bottom:var(--wp--preset--spacing--60)\">\n<p style=\"margin-top:0.5rem;margin-right:0.5rem;margin-bottom:0rem;margin-left:0.5rem\"><strong>Hinweis<\/strong><\/p>\n\n\n\n<p style=\"margin-top:0rem;margin-right:0.5rem;margin-bottom:0.5rem;margin-left:0.5rem\">Wenn du die <em><strong>iCal-Datei<\/strong><\/em> (2) des Kalenders herunterl\u00e4dst und diese in deiner Kalenderanwendung einbindest, wird lediglich der aktuelle Stand des heruntergeladenen Kalenders eingebunden, aber keine neuen Termine synchronisiert. Die Termine werden nur dann aktualisiert, wenn du den Kalender <em><strong>abonnierst<\/strong><\/em> (1) oder <em><strong>manuell einf\u00fcgst<\/strong><\/em> (3).<\/p>\n<\/aside>\n\n\n\n<figure class=\"wp-block-image\"><img decoding=\"async\" width=\"440\" height=\"617\" src=\"https:\/\/churchtools.academy\/wp-content\/uploads\/2024\/06\/image-15.png\" alt=\"\" class=\"wp-image-8204\" srcset=\"https:\/\/churchtools.academy\/wp-content\/uploads\/2024\/06\/image-15.png 440w, https:\/\/churchtools.academy\/wp-content\/uploads\/2024\/06\/image-15-214x300.png 214w, https:\/\/churchtools.academy\/wp-content\/uploads\/2024\/06\/image-15-360x505.png 360w\" sizes=\"(max-width: 440px) 100vw, 440px\" \/><\/figure>\n\n\n\n<aside class=\"wp-block-group ct-box ct-box-blue has-background is-vertical is-layout-flex wp-container-core-group-is-layout-002f1c27 wp-block-group-is-layout-flex\" style=\"border-radius:8px;border-left-color:#22c55e;border-left-width:0.5rem;background-color:#dcfce7;margin-top:var(--wp--preset--spacing--60);margin-bottom:var(--wp--preset--spacing--60)\">\n<p style=\"margin-top:0.5rem;margin-right:0.5rem;margin-bottom:0rem;margin-left:0.5rem\"><strong>Tipp<\/strong><\/p>\n\n\n\n<p style=\"margin-top:0rem;margin-right:0.5rem;margin-bottom:0.5rem;margin-left:0.5rem\">Alle \u00f6ffentlichen Kalender deiner Gemeinde (Kalender, welche ohne ChurchTools-Login sichtbar sind) kannst du \u00fcber folgenden iCal-Link abonnieren: https:\/\/gemeindename.churchtools.de\/?q=churchcal\/ical<\/p>\n<\/aside>\n\n\n\n<h2 class=\"wp-block-heading\">Kalender-Programme<\/h2>\n\n\n\n<p>Wir haben einige Kurzanleitungen f\u00fcr die g\u00e4ngigsten Kalender-Programme zusammengetragen. Klicke einfach auf die \u00dcberschrift und der Text wird aufgeklappt.<\/p>\n\n\n\n<details class=\"wp-block-details is-layout-flow wp-block-details-is-layout-flow\"><summary>Microsoft 365<\/summary>\n<p>Um ChurchTools Kalender in Microsoft 365 zu abonnieren, gehe folgenderma\u00dfen vor: &nbsp;<\/p>\n\n\n\n<p><strong>a) MS365 Kalender aufrufen<\/strong><\/p>\n\n\n\n<p>Melde dich im Browser bei Microsoft 365 an und navigiere zu <em><strong>Kalender<\/strong><\/em><\/p>\n\n\n\n<figure class=\"wp-block-image size-full\"><a href=\"https:\/\/churchtools.academy\/wp-content\/uploads\/2024\/06\/image-435.png\"><img decoding=\"async\" width=\"940\" height=\"369\" src=\"https:\/\/churchtools.academy\/wp-content\/uploads\/2024\/06\/image-435.png\" alt=\"\" class=\"wp-image-17669\" srcset=\"https:\/\/churchtools.academy\/wp-content\/uploads\/2024\/06\/image-435.png 940w, https:\/\/churchtools.academy\/wp-content\/uploads\/2024\/06\/image-435-300x118.png 300w, https:\/\/churchtools.academy\/wp-content\/uploads\/2024\/06\/image-435-768x301.png 768w, https:\/\/churchtools.academy\/wp-content\/uploads\/2024\/06\/image-435-360x141.png 360w\" sizes=\"(max-width: 940px) 100vw, 940px\" \/><\/a><\/figure>\n\n\n\n<p><strong>b) Kalender hinzuf\u00fcgen<\/strong><\/p>\n\n\n\n<p>Starte den Prozess um den <em>Kalender hinzuzuf\u00fcgen<\/em>.<\/p>\n\n\n\n<figure class=\"wp-block-image\"><img loading=\"lazy\" decoding=\"async\" width=\"340\" height=\"700\" src=\"https:\/\/churchtools.academy\/wp-content\/uploads\/2024\/06\/image-14.png\" alt=\"\" class=\"wp-image-8201\" srcset=\"https:\/\/churchtools.academy\/wp-content\/uploads\/2024\/06\/image-14.png 340w, https:\/\/churchtools.academy\/wp-content\/uploads\/2024\/06\/image-14-146x300.png 146w, https:\/\/churchtools.academy\/wp-content\/uploads\/2024\/06\/image-14-249x512.png 249w\" sizes=\"(max-width: 340px) 100vw, 340px\" \/><\/figure>\n\n\n\n<p><strong>c) webcal-Link einf\u00fcgen<\/strong><\/p>\n\n\n\n<p>Kopiere den webcal-Link aus ChurchTools und f\u00fcge ihn durch Ausw\u00e4hlen der Option <em><strong>aus dem Internet abonnieren<\/strong><\/em> in Microsoft 365 ein.<\/p>\n\n\n\n<figure class=\"wp-block-image\"><img loading=\"lazy\" decoding=\"async\" width=\"940\" height=\"233\" src=\"https:\/\/churchtools.academy\/wp-content\/uploads\/2024\/06\/image-16.png\" alt=\"\" class=\"wp-image-8203\" srcset=\"https:\/\/churchtools.academy\/wp-content\/uploads\/2024\/06\/image-16.png 940w, https:\/\/churchtools.academy\/wp-content\/uploads\/2024\/06\/image-16-300x74.png 300w, https:\/\/churchtools.academy\/wp-content\/uploads\/2024\/06\/image-16-768x190.png 768w, https:\/\/churchtools.academy\/wp-content\/uploads\/2024\/06\/image-16-360x89.png 360w\" sizes=\"(max-width: 940px) 100vw, 940px\" \/><\/figure>\n\n\n\n<aside class=\"wp-block-group ct-box ct-box-blue has-text-color has-background has-link-color wp-elements-74648fa9a9506de5179716347194bc98 is-vertical is-layout-flex wp-container-core-group-is-layout-002f1c27 wp-block-group-is-layout-flex\" style=\"border-radius:8px;border-left-color:#e7c000;border-left-width:0.5rem;color:#3f3400;background-color:#ffe5644d;margin-top:var(--wp--preset--spacing--60);margin-bottom:var(--wp--preset--spacing--60)\">\n<p style=\"margin-top:0.5rem;margin-right:0.5rem;margin-bottom:0rem;margin-left:0.5rem\"><strong>Warnung<\/strong><\/p>\n\n\n\n<p style=\"margin-top:0rem;margin-right:0.5rem;margin-bottom:0.5rem;margin-left:0.5rem\">Du musst in ChurchTools zwingend die Option <em><strong>Kalender abonnieren<\/strong><\/em> ausw\u00e4hlen und den dadurch generierten webcal-Link verwenden (siehe Screenshot unter<em><strong>4. iCal-Link\/Datei abrufen<\/strong><\/em> (1); der direkt im Auswahlfenster abrufbare iCal-Link (3) funktioniert in Microsoft 365 leider nicht).<\/p>\n<\/aside>\n\n\n\n<p><strong>d) Kalender importieren<\/strong><\/p>\n\n\n\n<p><em>Benenne<\/em> den Kalender und <em>importiere<\/em> ihn anschlie\u00dfend.<\/p>\n\n\n\n<figure class=\"wp-block-image size-full\"><a href=\"https:\/\/churchtools.academy\/wp-content\/uploads\/2024\/06\/image-436.png\"><img loading=\"lazy\" decoding=\"async\" width=\"440\" height=\"610\" src=\"https:\/\/churchtools.academy\/wp-content\/uploads\/2024\/06\/image-436.png\" alt=\"\" class=\"wp-image-17672\" srcset=\"https:\/\/churchtools.academy\/wp-content\/uploads\/2024\/06\/image-436.png 440w, https:\/\/churchtools.academy\/wp-content\/uploads\/2024\/06\/image-436-216x300.png 216w, https:\/\/churchtools.academy\/wp-content\/uploads\/2024\/06\/image-436-360x499.png 360w\" sizes=\"(max-width: 440px) 100vw, 440px\" \/><\/a><\/figure>\n<\/details>\n\n\n\n<details class=\"wp-block-details is-layout-flow wp-block-details-is-layout-flow\"><summary>Google-Kalender (Browser)<br><\/summary>\n<ol class=\"wp-block-list\">\n<li>In Google Kalender in der Seitenleiste unten links im Abschnitt &#8222;Weitere Kalender&#8220; auf das &#8222;+&#8220; klicken<\/li>\n\n\n\n<li>&#8222;Per URL&#8220; ausw\u00e4hlen<\/li>\n\n\n\n<li>Neuen iCal-Link eingeben<\/li>\n\n\n\n<li>Auf &#8222;Kalender hinzuf\u00fcgen&#8220; klicken<\/li>\n<\/ol>\n\n\n\n<p>Weitere Infos: <a href=\"https:\/\/support.google.com\/calendar\/answer\/37100?hl=de\" rel=\"noreferrer noopener\" target=\"_blank\">https:\/\/support.google.com\/calendar\/answer\/37100?hl=de<\/a> (Abschnitt &#8222;\u00d6ffentlichen Kalender \u00fcber einen Link hinzuf\u00fcgen&#8220;)<\/p>\n<\/details>\n\n\n\n<details class=\"wp-block-details is-layout-flow wp-block-details-is-layout-flow\"><summary>Google-Kalender (Android, iOS)<br><\/summary>\n<p>Kalender m\u00fcssen \u00fcber den Browser abonniert werden (siehe oben).<\/p>\n<\/details>\n\n\n\n<details class=\"wp-block-details is-layout-flow wp-block-details-is-layout-flow\"><summary>Apple-Kalender (iOS)<br><\/summary>\n<ol class=\"wp-block-list\">\n<li>Unten auf &#8222;Kalender&#8220; und dann auf &#8222;Hinzuf\u00fcgen&#8220; tippen<\/li>\n\n\n\n<li>Auf &#8222;Kalenderabonnement hinzuf\u00fcgen&#8220; tippen<\/li>\n\n\n\n<li>Neuen iCal-Link eingeben<\/li>\n\n\n\n<li>Auf &#8222;Abonnieren&#8220; tippen<\/li>\n<\/ol>\n\n\n\n<p>Weitere Infos: <a href=\"https:\/\/support.apple.com\/de-de\/guide\/iphone\/iph3d1110d4\/ios\" rel=\"noreferrer noopener\" target=\"_blank\">https:\/\/support.apple.com\/de-de\/guide\/iphone\/iph3d1110d4\/ios<\/a><\/p>\n<\/details>\n\n\n\n<details class=\"wp-block-details is-layout-flow wp-block-details-is-layout-flow\"><summary>Apple-Kalender (Mac)<\/summary>\n<ol class=\"wp-block-list\">\n<li>Gehe in der Men\u00fcleiste auf &#8222;Ablage&#8220; &gt; &#8222;Neues Kalenderabonnoment&#8220;<\/li>\n\n\n\n<li>Gib den iCal-Link des Kalenders ein<\/li>\n\n\n\n<li>Klicke auf &#8222;Abonnieren&#8220;<\/li>\n\n\n\n<li>F\u00fclle das Feld &#8222;Name&#8220; aus und w\u00e4hle eine Farbe aus<\/li>\n\n\n\n<li>Klicke auf &#8222;OK&#8220;<\/li>\n<\/ol>\n\n\n\n<p>Weitere Infos: <a href=\"https:\/\/support.apple.com\/de-de\/guide\/calendar\/icl1022\/mac\" rel=\"noreferrer noopener\" target=\"_blank\">https:\/\/support.apple.com\/de-de\/guide\/calendar\/icl1022\/mac<\/a><\/p>\n<\/details>\n\n\n\n<details class=\"wp-block-details is-layout-flow wp-block-details-is-layout-flow\"><summary>Outlook-Kalender (Windows, Mac)<\/summary>\n<ol class=\"wp-block-list\">\n<li>Oben in der Bandleiste auf &#8222;Hinzuf\u00fcgen&#8220; klicken<\/li>\n\n\n\n<li>&#8222;Aus dem Internet \u2026&#8220; ausw\u00e4hlen<\/li>\n\n\n\n<li>Im Dialog &#8222;Neues Internetkalenderabonnoment&#8220; neuen iCal-Link einf\u00fcgen<\/li>\n\n\n\n<li>Auf &#8222;Ok&#8220; klicken<\/li>\n<\/ol>\n\n\n\n<p>Weitere Infos: <a href=\"https:\/\/support.microsoft.com\/de-de\/office\/kalender-nach-outlook-importieren-8e8364e1-400e-4c0f-a573-fe76b5a2d379\" rel=\"noreferrer noopener\" target=\"_blank\">https:\/\/support.microsoft.com\/de-de\/office\/kalender-nach-outlook-importieren-8e8364e1-400e-4c0f-a573-fe76b5a2d379<\/a><\/p>\n<\/details>\n\n\n\n<details class=\"wp-block-details is-layout-flow wp-block-details-is-layout-flow\"><summary>Outlook-Kalender (Browser)<\/summary>\n<ol class=\"wp-block-list\">\n<li>Abonnierten Kalender mit Fehler &#8222;Kalender-Link ung\u00fcltig&#8220; l\u00f6schen<\/li>\n\n\n\n<li>Im Navigationsbereich &#8222;Kalender&#8220; auf &#8222;Kalender hinzuf\u00fcgen&#8220; klicken<\/li>\n\n\n\n<li>&#8222;Aus dem Web abonnieren&#8220; ausw\u00e4hlen<\/li>\n\n\n\n<li>Neuen iCal-Link eingeben<\/li>\n\n\n\n<li>Auf &#8222;Importieren&#8220; klicken<\/li>\n<\/ol>\n\n\n\n<p>Weitere Infos: <a href=\"https:\/\/support.microsoft.com\/de-de\/office\/importieren-oder-abonnieren-eines-kalenders-in-outlook-com-oder-outlook-im-web-cff1429c-5af6-41ec-a5b4-74f2c278e98c\" rel=\"noreferrer noopener\" target=\"_blank\">https:\/\/support.microsoft.com\/de-de\/office\/importieren-oder-abonnieren-eines-kalenders-in-outlook-com-oder-outlook-im-web-cff1429c-5af6-41ec-a5b4-74f2c278e98c<\/a><\/p>\n<\/details>\n\n\n\n<aside class=\"wp-block-group ct-artikel-zum-weiterlesen has-background is-layout-constrained wp-container-core-group-is-layout-89fd719a wp-block-group-is-layout-constrained\" style=\"border-radius:8px;background-color:#f9fafb;margin-top:24px;margin-bottom:24px;padding-top:32px;padding-right:24px;padding-bottom:32px;padding-left:24px\">\n<h4 class=\"wp-block-heading has-medium-font-size\">Artikel zum Weiterlesen<\/h4>\n\n\n\n<ul class=\"wp-block-list\">\n<li><a href=\"https:\/\/churchtools.academy\/de\/help\/churchtools-module\/abonnements-erinnerungen\/17-wie-kann-ich-meine-termine-im-uberblick-behalten\/\" data-type=\"docs\" data-id=\"7549\">Wie kann ich meine Termine im \u00dcberblick behalten?<\/a><\/li>\n\n\n\n<li><a href=\"https:\/\/churchtools.academy\/de\/help\/churchtools-module\/kalender-erstellen-verwalten\/17-wie-importiere-ich-einen-externen-kalender-in-unseren-churchtools-kalender\/\" data-type=\"docs\" data-id=\"7546\">Wie importiere ich einen externen Kalender in unseren ChurchTools-Kalender?<\/a><\/li>\n\n\n\n<li><a href=\"https:\/\/churchtools.academy\/de\/help\/churchtools-module\/kalender-einbetten\/17-wie-bette-ich-den-kalender-in-einer-webseite-ein\/\" data-type=\"docs\" data-id=\"7535\">Wie bette ich Kalender in einer Webseite ein?<\/a><\/li>\n<\/ul>\n<\/aside>\n","protected":false},"excerpt":{"rendered":"<p>Kalender k\u00f6nnen per iCal abonniert werden. 1. Voraussetzung Damit iCal funktioniert muss der Administrator deines ChurchTools dem Nicht-angemeldeten Benutzer die Berechtigung &#8222;Kalender sehen&#8220; geben. Funktioniert der iCal-Link bei dir nicht, melde dich bitte bei deinem Administrator. 2. iCal-Link\/Datei anzeigen \u00d6ffne das Drei-Punkt-Men\u00fc (1) des Kalenders, welchen du synchronisieren m\u00f6chtest, und w\u00e4hle Abonnieren (2) aus. 3. [&hellip;]<\/p>\n","protected":false},"author":7,"featured_media":0,"comment_status":"closed","ping_status":"closed","template":"","meta":{"_acf_changed":false,"footnotes":""},"doc_category":[277],"doc_tag":[268],"knowledge_base":[172],"class_list":["post-7534","docs","type-docs","status-publish","hentry","doc_category-abonnements-erinnerungen","doc_tag-inhalt-veraltet","knowledge_base-churchtools-module"],"pp_statuses_selecting_workflow":false,"pp_workflow_action":"current","pp_status_selection":"publish","acf":[],"year_month":"2026-04","word_count":459,"total_views":"4878","reactions":{"happy":"2","normal":"0","sad":"3"},"author_info":{"name":"Victoria Weidemann","author_nicename":"vweidemann","author_url":"https:\/\/churchtools.academy\/de\/author\/vweidemann\/"},"doc_category_info":[{"term_name":"Abonnements\/Erinnerungen","term_url":"https:\/\/churchtools.academy\/de\/help\/churchtools-module\/abonnements-erinnerungen\/"}],"doc_tag_info":[{"term_name":"Inhalt veraltet","term_url":"https:\/\/churchtools.academy\/docs-tag\/inhalt-veraltet\/"}],"knowledge_base_info":[{"term_name":"Module","term_url":"https:\/\/churchtools.academy\/de\/help\/churchtools-module\/","term_slug":"churchtools-module"}],"knowledge_base_slug":["churchtools-module"],"_links":{"self":[{"href":"https:\/\/churchtools.academy\/de\/wp-json\/wp\/v2\/docs\/7534","targetHints":{"allow":["GET"]}}],"collection":[{"href":"https:\/\/churchtools.academy\/de\/wp-json\/wp\/v2\/docs"}],"about":[{"href":"https:\/\/churchtools.academy\/de\/wp-json\/wp\/v2\/types\/docs"}],"author":[{"embeddable":true,"href":"https:\/\/churchtools.academy\/de\/wp-json\/wp\/v2\/users\/7"}],"replies":[{"embeddable":true,"href":"https:\/\/churchtools.academy\/de\/wp-json\/wp\/v2\/comments?post=7534"}],"version-history":[{"count":11,"href":"https:\/\/churchtools.academy\/de\/wp-json\/wp\/v2\/docs\/7534\/revisions"}],"predecessor-version":[{"id":42610,"href":"https:\/\/churchtools.academy\/de\/wp-json\/wp\/v2\/docs\/7534\/revisions\/42610"}],"wp:attachment":[{"href":"https:\/\/churchtools.academy\/de\/wp-json\/wp\/v2\/media?parent=7534"}],"wp:term":[{"taxonomy":"doc_category","embeddable":true,"href":"https:\/\/churchtools.academy\/de\/wp-json\/wp\/v2\/doc_category?post=7534"},{"taxonomy":"doc_tag","embeddable":true,"href":"https:\/\/churchtools.academy\/de\/wp-json\/wp\/v2\/doc_tag?post=7534"},{"taxonomy":"knowledge_base","embeddable":true,"href":"https:\/\/churchtools.academy\/de\/wp-json\/wp\/v2\/knowledge_base?post=7534"}],"curies":[{"name":"wp","href":"https:\/\/api.w.org\/{rel}","templated":true}]}}